{"id":708,"date":"2022-07-03T21:07:12","date_gmt":"2022-07-04T00:07:12","guid":{"rendered":"https:\/\/allprot.com.br\/web\/?page_id=708"},"modified":"2023-03-24T12:00:12","modified_gmt":"2023-03-24T15:00:12","slug":"luz-azul","status":"publish","type":"page","link":"https:\/\/allprot.com.br\/web\/luz-azul\/","title":{"rendered":"Luz Azul"},"content":{"rendered":"\t\t<div data-elementor-type=\"wp-page\" data-elementor-id=\"708\" class=\"elementor elementor-708\">\n\t\t\t\t\t\t\t\t\t<section data-dce-background-color=\"#1400D2\" class=\"elementor-section elementor-top-section elementor-element elementor-element-fa2dd53 elementor-section-content-middle elementor-section-boxed elementor-section-height-default elementor-section-height-default exad-glass-effect-no exad-sticky-section-no\" data-id=\"fa2dd53\" data-element_type=\"section\" data-settings=\"{&quot;background_background&quot;:&quot;classic&quot;}\">\n\t\t\t\t\t\t<div class=\"elementor-container elementor-column-gap-no\">\n\t\t\t\t\t<div class=\"elementor-column elementor-col-100 elementor-top-column elementor-element elementor-element-ae7ad32 exad-glass-effect-no exad-sticky-section-no\" data-id=\"ae7ad32\" data-element_type=\"column\">\n\t\t\t<div class=\"elementor-widget-wrap elementor-element-populated\">\n\t\t\t\t\t\t\t\t<section class=\"elementor-section elementor-inner-section elementor-element elementor-element-b1cd69c elementor-section-boxed elementor-section-height-default elementor-section-height-default exad-glass-effect-no exad-sticky-section-no\" data-id=\"b1cd69c\" data-element_type=\"section\">\n\t\t\t\t\t\t<div class=\"elementor-container elementor-column-gap-default\">\n\t\t\t\t\t<div class=\"elementor-column elementor-col-100 elementor-inner-column elementor-element elementor-element-4eeb10a exad-glass-effect-no exad-sticky-section-no\" data-id=\"4eeb10a\" data-element_type=\"column\">\n\t\t\t<div class=\"elementor-widget-wrap elementor-element-populated\">\n\t\t\t\t\t\t\t\t<div class=\"elementor-element elementor-element-946a3ed dce_masking-none exad-sticky-section-no exad-glass-effect-no elementor-widget elementor-widget-image\" data-id=\"946a3ed\" data-element_type=\"widget\" data-widget_type=\"image.default\">\n\t\t\t\t<div class=\"elementor-widget-container\">\n\t\t\t<style>\/*! elementor - v3.7.8 - 02-10-2022 *\/\n.elementor-widget-image{text-align:center}.elementor-widget-image a{display:inline-block}.elementor-widget-image a img[src$=\".svg\"]{width:48px}.elementor-widget-image img{vertical-align:middle;display:inline-block}<\/style>\t\t\t\t\t\t\t\t\t\t\t\t<img decoding=\"async\" width=\"127\" height=\"127\" src=\"https:\/\/allprot.com.br\/web\/wp-content\/uploads\/2022\/06\/luz-azul-1.png\" class=\"attachment-large size-large\" alt=\"\" loading=\"lazy\" \/>\t\t\t\t\t\t\t\t\t\t\t\t\t\t\t<\/div>\n\t\t\t\t<\/div>\n\t\t\t\t\t<\/div>\n\t\t<\/div>\n\t\t\t\t\t\t\t<\/div>\n\t\t<\/section>\n\t\t\t\t\t<\/div>\n\t\t<\/div>\n\t\t\t\t\t\t\t<\/div>\n\t\t<\/section>\n\t\t\t\t<section data-dce-background-color=\"#1400D2\" class=\"elementor-section elementor-top-section elementor-element elementor-element-2767643 elementor-section-content-middle elementor-section-boxed elementor-section-height-default elementor-section-height-default exad-glass-effect-no exad-sticky-section-no\" data-id=\"2767643\" data-element_type=\"section\" data-settings=\"{&quot;background_background&quot;:&quot;classic&quot;}\">\n\t\t\t\t\t\t<div class=\"elementor-container elementor-column-gap-no\">\n\t\t\t\t\t<div class=\"elementor-column elementor-col-100 elementor-top-column elementor-element elementor-element-ff66043 exad-glass-effect-no exad-sticky-section-no\" data-id=\"ff66043\" data-element_type=\"column\">\n\t\t\t<div class=\"elementor-widget-wrap elementor-element-populated\">\n\t\t\t\t\t\t\t\t<section class=\"elementor-section elementor-inner-section elementor-element elementor-element-c09dea3 elementor-section-boxed elementor-section-height-default elementor-section-height-default exad-glass-effect-no exad-sticky-section-no\" data-id=\"c09dea3\" data-element_type=\"section\">\n\t\t\t\t\t\t<div class=\"elementor-container elementor-column-gap-default\">\n\t\t\t\t\t<div class=\"elementor-column elementor-col-100 elementor-inner-column elementor-element elementor-element-f9f10f2 exad-glass-effect-no exad-sticky-section-no\" data-id=\"f9f10f2\" data-element_type=\"column\">\n\t\t\t<div class=\"elementor-widget-wrap elementor-element-populated\">\n\t\t\t\t\t\t\t\t<div class=\"elementor-element elementor-element-d924820 exad-sticky-section-no exad-glass-effect-no elementor-widget elementor-widget-text-editor\" data-id=\"d924820\" data-element_type=\"widget\" data-widget_type=\"text-editor.default\">\n\t\t\t\t<div class=\"elementor-widget-container\">\n\t\t\t<style>\/*! elementor - v3.7.8 - 02-10-2022 *\/\n.elementor-widget-text-editor.elementor-drop-cap-view-stacked .elementor-drop-cap{background-color:#818a91;color:#fff}.elementor-widget-text-editor.elementor-drop-cap-view-framed .elementor-drop-cap{color:#818a91;border:3px solid;background-color:transparent}.elementor-widget-text-editor:not(.elementor-drop-cap-view-default) .elementor-drop-cap{margin-top:8px}.elementor-widget-text-editor:not(.elementor-drop-cap-view-default) .elementor-drop-cap-letter{width:1em;height:1em}.elementor-widget-text-editor .elementor-drop-cap{float:left;text-align:center;line-height:1;font-size:50px}.elementor-widget-text-editor .elementor-drop-cap-letter{display:inline-block}<\/style>\t\t\t\tLuz azul\t\t\t\t\t\t<\/div>\n\t\t\t\t<\/div>\n\t\t\t\t\t<\/div>\n\t\t<\/div>\n\t\t\t\t\t\t\t<\/div>\n\t\t<\/section>\n\t\t\t\t\t<\/div>\n\t\t<\/div>\n\t\t\t\t\t\t\t<\/div>\n\t\t<\/section>\n\t\t\t\t<section data-dce-background-color=\"#1400D2\" class=\"elementor-section elementor-top-section elementor-element elementor-element-5e9312f elementor-section-content-middle elementor-section-boxed elementor-section-height-default elementor-section-height-default exad-glass-effect-no exad-sticky-section-no\" data-id=\"5e9312f\" data-element_type=\"section\" data-settings=\"{&quot;background_background&quot;:&quot;classic&quot;}\">\n\t\t\t\t\t\t<div class=\"elementor-container elementor-column-gap-no\">\n\t\t\t\t\t<div class=\"elementor-column elementor-col-100 elementor-top-column elementor-element elementor-element-9d0813c exad-glass-effect-no exad-sticky-section-no\" data-id=\"9d0813c\" data-element_type=\"column\">\n\t\t\t<div class=\"elementor-widget-wrap elementor-element-populated\">\n\t\t\t\t\t\t\t\t<div class=\"elementor-element elementor-element-4ad9fa2 exad-sticky-section-no exad-glass-effect-no elementor-widget elementor-widget-text-editor\" data-id=\"4ad9fa2\" data-element_type=\"widget\" data-widget_type=\"text-editor.default\">\n\t\t\t\t<div class=\"elementor-widget-container\">\n\t\t\t\t\t\t\t<div class=\"wpb_text_column wpb_content_element  vc_custom_1532021688910\"><div class=\"wpb_wrapper\"><p>A luz vis\u00edvel \u00e9 a regi\u00e3o do espectro eletromagn\u00e9tico que o olho humano consegue perceber. \u00c9 emitida por fontes de luz naturais como o sol e, tamb\u00e9m, artificiais como os\u00a0dispositivos eletr\u00f4nicos.<\/p><\/div><\/div>\t\t\t\t\t\t<\/div>\n\t\t\t\t<\/div>\n\t\t\t\t\t<\/div>\n\t\t<\/div>\n\t\t\t\t\t\t\t<\/div>\n\t\t<\/section>\n\t\t\t\t<section class=\"elementor-section elementor-top-section elementor-element elementor-element-efbafb2 elementor-section-boxed elementor-section-height-default elementor-section-height-default exad-glass-effect-no exad-sticky-section-no\" data-id=\"efbafb2\" data-element_type=\"section\">\n\t\t\t\t\t\t<div class=\"elementor-container elementor-column-gap-no\">\n\t\t\t\t\t<div class=\"elementor-column elementor-col-100 elementor-top-column elementor-element elementor-element-6538fc1 exad-glass-effect-no exad-sticky-section-no\" data-id=\"6538fc1\" data-element_type=\"column\">\n\t\t\t<div class=\"elementor-widget-wrap elementor-element-populated\">\n\t\t\t\t\t\t\t\t<section class=\"elementor-section elementor-inner-section elementor-element elementor-element-6e2bb9a elementor-section-boxed elementor-section-height-default elementor-section-height-default exad-glass-effect-no exad-sticky-section-no\" data-id=\"6e2bb9a\" data-element_type=\"section\">\n\t\t\t\t\t\t<div class=\"elementor-container elementor-column-gap-default\">\n\t\t\t\t\t<div data-dce-background-color=\"#FAFAFA\" class=\"elementor-column elementor-col-50 elementor-inner-column elementor-element elementor-element-075c641 exad-glass-effect-no exad-sticky-section-no elementor-invisible\" data-id=\"075c641\" data-element_type=\"column\" data-settings=\"{&quot;background_background&quot;:&quot;classic&quot;,&quot;animation&quot;:&quot;fadeInUp&quot;}\">\n\t\t\t<div class=\"elementor-widget-wrap elementor-element-populated\">\n\t\t\t\t\t\t\t\t<div class=\"elementor-element elementor-element-3fee60a dce_masking-none exad-sticky-section-no exad-glass-effect-no elementor-widget elementor-widget-image\" data-id=\"3fee60a\" data-element_type=\"widget\" data-widget_type=\"image.default\">\n\t\t\t\t<div class=\"elementor-widget-container\">\n\t\t\t\t\t\t\t\t\t\t\t\t\t\t\t<img decoding=\"async\" width=\"5\" height=\"39\" src=\"https:\/\/allprot.com.br\/web\/wp-content\/uploads\/2022\/06\/Rectangle-4.png\" class=\"attachment-large size-large\" alt=\"\" loading=\"lazy\" \/>\t\t\t\t\t\t\t\t\t\t\t\t\t\t\t<\/div>\n\t\t\t\t<\/div>\n\t\t\t\t<div class=\"elementor-element elementor-element-e14bc1b exad-sticky-section-no exad-glass-effect-no elementor-widget elementor-widget-heading\" data-id=\"e14bc1b\" data-element_type=\"widget\" data-widget_type=\"heading.default\">\n\t\t\t\t<div class=\"elementor-widget-container\">\n\t\t\t<style>\/*! elementor - v3.7.8 - 02-10-2022 *\/\n.elementor-heading-title{padding:0;margin:0;line-height:1}.elementor-widget-heading .elementor-heading-title[class*=elementor-size-]>a{color:inherit;font-size:inherit;line-height:inherit}.elementor-widget-heading .elementor-heading-title.elementor-size-small{font-size:15px}.elementor-widget-heading .elementor-heading-title.elementor-size-medium{font-size:19px}.elementor-widget-heading .elementor-heading-title.elementor-size-large{font-size:29px}.elementor-widget-heading .elementor-heading-title.elementor-size-xl{font-size:39px}.elementor-widget-heading .elementor-heading-title.elementor-size-xxl{font-size:59px}<\/style><h2 class=\"elementor-heading-title elementor-size-default\">SOBRE A LUZ AZUL\n<\/h2>\t\t<\/div>\n\t\t\t\t<\/div>\n\t\t\t\t<div class=\"elementor-element elementor-element-0db7fba exad-sticky-section-no exad-glass-effect-no elementor-widget elementor-widget-text-editor\" data-id=\"0db7fba\" data-element_type=\"widget\" data-widget_type=\"text-editor.default\">\n\t\t\t\t<div class=\"elementor-widget-container\">\n\t\t\t\t\t\t\t<div class=\"wpb_text_column wpb_content_element wpb_animate_when_almost_visible wpb_left-to-right nitro-offscreen wpb_start_animation\"><div class=\"wpb_wrapper\"><p>A luz azul \u00e9 percebida positivamente pelos olhos e, em seguida, sinaliza o c\u00e9rebro para estar alerta, levando \u00e0 atividade f\u00edsica. A retina processa a luz entrante por meio de uma infinidade de c\u00e9lulas sens\u00edveis \u00e0 luz e a canaliza para o c\u00e9rebro como informa\u00e7\u00e3o de imagem.<\/p><\/div><\/div><div class=\"wpb_text_column wpb_content_element wpb_animate_when_almost_visible wpb_left-to-right nitro-offscreen wpb_start_animation\"><div class=\"wpb_wrapper\"><p>A luz vis\u00edvel \u00e9 composta por raios de diferentes cores, azul entre eles. O comprimento de onda de cada raio \u00e9 distinto, o dos infravermelhos \u00e9 mais comprido e o dos ultravioletas, mais curto. As cores que percebemos s\u00e3o o resultado do reflexo de um comprimento de onda sobre uma superf\u00edcie e a absor\u00e7\u00e3o dos restantes. Isto \u00e9, se virmos um objeto vermelho \u00e9 pelo fato de a sua superf\u00edcie refletir o comprimento de onda vermelho e absorver as outras cores.<\/p><\/div><\/div>\t\t\t\t\t\t<\/div>\n\t\t\t\t<\/div>\n\t\t\t\t\t<\/div>\n\t\t<\/div>\n\t\t\t\t<div data-dce-background-color=\"#FAFAFA\" class=\"elementor-column elementor-col-50 elementor-inner-column elementor-element elementor-element-4bf5c94 exad-glass-effect-no exad-sticky-section-no elementor-invisible\" data-id=\"4bf5c94\" data-element_type=\"column\" data-settings=\"{&quot;background_background&quot;:&quot;classic&quot;,&quot;animation&quot;:&quot;fadeInDown&quot;}\">\n\t\t\t<div class=\"elementor-widget-wrap elementor-element-populated\">\n\t\t\t\t\t\t\t\t<div class=\"elementor-element elementor-element-155206f dce_masking-none exad-sticky-section-no exad-glass-effect-no elementor-widget elementor-widget-image\" data-id=\"155206f\" data-element_type=\"widget\" data-widget_type=\"image.default\">\n\t\t\t\t<div class=\"elementor-widget-container\">\n\t\t\t\t\t\t\t\t\t\t\t\t\t\t\t<img decoding=\"async\" width=\"5\" height=\"39\" src=\"https:\/\/allprot.com.br\/web\/wp-content\/uploads\/2022\/06\/Rectangle-4.png\" class=\"attachment-large size-large\" alt=\"\" loading=\"lazy\" \/>\t\t\t\t\t\t\t\t\t\t\t\t\t\t\t<\/div>\n\t\t\t\t<\/div>\n\t\t\t\t<div class=\"elementor-element elementor-element-ddaacc2 exad-sticky-section-no exad-glass-effect-no elementor-widget elementor-widget-heading\" data-id=\"ddaacc2\" data-element_type=\"widget\" data-widget_type=\"heading.default\">\n\t\t\t\t<div class=\"elementor-widget-container\">\n\t\t\t<h2 class=\"elementor-heading-title elementor-size-default\">ONDE A ENCONTRAMOS\n<\/h2>\t\t<\/div>\n\t\t\t\t<\/div>\n\t\t\t\t<div class=\"elementor-element elementor-element-375386a exad-sticky-section-no exad-glass-effect-no elementor-widget elementor-widget-text-editor\" data-id=\"375386a\" data-element_type=\"widget\" data-widget_type=\"text-editor.default\">\n\t\t\t\t<div class=\"elementor-widget-container\">\n\t\t\t\t\t\t\t<p><strong>Luz azul no seu trabalho di\u00e1rio, mas tamb\u00e9m no seu tempo livre.<\/strong><\/p><p>Hoje, quase todos os locais de trabalho possuem uma tela de LED.\u00a0Isso inclui laptops, tablets, PC\u2019s, TV LED e smartphones, todos os quais s\u00e3o usados\u00a0<wbr \/><wbr \/>intensamente diariamente.\u00a0Todos esses dispositivos t\u00e9cnicos operam com ilumina\u00e7\u00e3o de fundo LED.\u00a0Estes emitem uma por\u00e7\u00e3o n\u00e3o naturalmente alta de luz azul.<\/p><p>Voc\u00ea s\u00f3 tem uma por\u00e7\u00e3o baixa de luz vermelha ben\u00e9fica, que tem um efeito regenerativo.\u00a0A luz vermelha promove a regenera\u00e7\u00e3o celular no corpo humano, enquanto a luz azul se op\u00f5e a ela.\u00a0Muitos escrit\u00f3rios e espa\u00e7os de trabalho s\u00e3o iluminados por ilumina\u00e7\u00e3o fluorescente,\u00a0isso tamb\u00e9m emite uma grande parte da luz azul.<\/p>\t\t\t\t\t\t<\/div>\n\t\t\t\t<\/div>\n\t\t\t\t\t<\/div>\n\t\t<\/div>\n\t\t\t\t\t\t\t<\/div>\n\t\t<\/section>\n\t\t\t\t\t<\/div>\n\t\t<\/div>\n\t\t\t\t\t\t\t<\/div>\n\t\t<\/section>\n\t\t\t\t<section data-dce-background-color=\"#1400D2\" class=\"elementor-section elementor-top-section elementor-element elementor-element-5d07be2 elementor-section-boxed elementor-section-height-default elementor-section-height-default exad-glass-effect-no exad-sticky-section-no\" data-id=\"5d07be2\" data-element_type=\"section\" data-settings=\"{&quot;background_background&quot;:&quot;classic&quot;}\">\n\t\t\t\t\t\t<div class=\"elementor-container elementor-column-gap-no\">\n\t\t\t\t\t<div class=\"elementor-column elementor-col-100 elementor-top-column elementor-element elementor-element-6773203 exad-glass-effect-no exad-sticky-section-no\" data-id=\"6773203\" data-element_type=\"column\">\n\t\t\t<div class=\"elementor-widget-wrap elementor-element-populated\">\n\t\t\t\t\t\t\t\t<div class=\"elementor-element elementor-element-4769acf exad-sticky-section-no exad-glass-effect-no elementor-widget elementor-widget-heading\" data-id=\"4769acf\" data-element_type=\"widget\" data-widget_type=\"heading.default\">\n\t\t\t\t<div class=\"elementor-widget-container\">\n\t\t\t<h2 class=\"elementor-heading-title elementor-size-default\">QUAIS OS DANOS CAUSADOS?\n<\/h2>\t\t<\/div>\n\t\t\t\t<\/div>\n\t\t\t\t<div class=\"elementor-element elementor-element-e02c398 exad-sticky-section-no exad-glass-effect-no elementor-widget elementor-widget-text-editor\" data-id=\"e02c398\" data-element_type=\"widget\" data-widget_type=\"text-editor.default\">\n\t\t\t\t<div class=\"elementor-widget-container\">\n\t\t\t\t\t\t\t<p>Hoje, quase todos os locais de trabalho possuem uma tela de LED.\u00a0Isso inclui laptops, tablets, PC\u2019s, TV LED e smartphones, todos os quais s\u00e3o usados\u00a0<wbr \/><wbr \/>intensamente diariamente.<\/p>\t\t\t\t\t\t<\/div>\n\t\t\t\t<\/div>\n\t\t\t\t\t<\/div>\n\t\t<\/div>\n\t\t\t\t\t\t\t<\/div>\n\t\t<\/section>\n\t\t\t\t<section data-dce-background-color=\"#1400D2\" class=\"elementor-section elementor-top-section elementor-element elementor-element-ba7761f elementor-section-content-middle elementor-section-boxed elementor-section-height-default elementor-section-height-default exad-glass-effect-no exad-sticky-section-no\" data-id=\"ba7761f\" data-element_type=\"section\" data-settings=\"{&quot;background_background&quot;:&quot;classic&quot;}\">\n\t\t\t\t\t\t<div class=\"elementor-container elementor-column-gap-no\">\n\t\t\t\t\t<div class=\"elementor-column elementor-col-50 elementor-top-column elementor-element elementor-element-ee5ee3d exad-glass-effect-no exad-sticky-section-no\" data-id=\"ee5ee3d\" data-element_type=\"column\">\n\t\t\t<div class=\"elementor-widget-wrap elementor-element-populated\">\n\t\t\t\t\t\t\t\t<div class=\"elementor-element elementor-element-6fa8956 exad-sticky-section-no exad-glass-effect-no elementor-widget elementor-widget-text-editor\" data-id=\"6fa8956\" data-element_type=\"widget\" data-widget_type=\"text-editor.default\">\n\t\t\t\t<div class=\"elementor-widget-container\">\n\t\t\t\t\t\t\t<div class=\"wpb_text_column wpb_content_element \"><div class=\"wpb_wrapper\"><p>A supress\u00e3o da produ\u00e7\u00e3o de melatonina leva a distor\u00e7\u00f5es do biorritmo. Isso pode at\u00e9 se estender para as horas da noite, onde se est\u00e1 trabalhando sob luz artificial.\u00a0Esta inunda\u00e7\u00e3o com luz azul treina o corpo para pensar que \u00e9 a luz do dia, a produ\u00e7\u00e3o de melatonina \u00e9 dificultada e o biorritmo do corpo muda.\u00a0A propens\u00e3o natural para o sono \u00e9 suprimida e o corpo reage de forma n\u00e3o natural, levando a sintomas de estresse e interrup\u00e7\u00e3o do sono.<\/p><\/div><\/div><div class=\"vc_empty_space\">\u00a0<\/div><div class=\"wpb_text_column wpb_content_element \"><div class=\"wpb_wrapper\"><p>Importante ressaltar que 1 hora de exposi\u00e7\u00e3o a c\u00e9u aberto implica em uma exposi\u00e7\u00e3o 30x maior do que 1 hora em frente a uma tela de computador. \u00c9 por isso que \u00e9 t\u00e3o importante usar \u00f3culos de sol com 100% de prote\u00e7\u00e3o UV sob o sol forte, especialmente em situa\u00e7\u00f5es onde h\u00e1 muito ofuscamento, como na \u00e1gua ou em montanhas de neve.<\/p><\/div><\/div><div class=\"vc_empty_space\">\u00a0<\/div><div class=\"wpb_text_column wpb_content_element \"><div class=\"wpb_wrapper\"><p>Os raios UV n\u00e3o vis\u00edveis s\u00e3o, em grande maioria, filtrados pelas lentes dos olhos de forma natural, enquanto a luz azul pode penetrar nos olhos quase sem impedimentos.<\/p><\/div><\/div>\t\t\t\t\t\t<\/div>\n\t\t\t\t<\/div>\n\t\t\t\t\t<\/div>\n\t\t<\/div>\n\t\t\t\t<div class=\"elementor-column elementor-col-50 elementor-top-column elementor-element elementor-element-8eade8c exad-glass-effect-no exad-sticky-section-no\" data-id=\"8eade8c\" data-element_type=\"column\">\n\t\t\t<div class=\"elementor-widget-wrap elementor-element-populated\">\n\t\t\t\t\t\t\t\t<section class=\"elementor-section elementor-inner-section elementor-element elementor-element-266c3c2 elementor-reverse-mobile elementor-section-boxed elementor-section-height-default elementor-section-height-default exad-glass-effect-no exad-sticky-section-no\" data-id=\"266c3c2\" data-element_type=\"section\">\n\t\t\t\t\t\t<div class=\"elementor-container elementor-column-gap-no\">\n\t\t\t\t\t<div class=\"elementor-column elementor-col-50 elementor-inner-column elementor-element elementor-element-835d758 exad-glass-effect-no exad-sticky-section-no\" data-id=\"835d758\" data-element_type=\"column\">\n\t\t\t<div class=\"elementor-widget-wrap elementor-element-populated\">\n\t\t\t\t\t\t\t\t<div data-dce-advanced-background-color=\"#F6F6F6\" class=\"elementor-element elementor-element-e027d0a elementor-view-default exad-sticky-section-no exad-glass-effect-no elementor-widget elementor-widget-icon\" data-id=\"e027d0a\" data-element_type=\"widget\" data-widget_type=\"icon.default\">\n\t\t\t\t<div class=\"elementor-widget-container\">\n\t\t\t\t\t<div class=\"elementor-icon-wrapper\">\n\t\t\t<div class=\"elementor-icon\">\n\t\t\t<i aria-hidden=\"true\" class=\"far fa-eye\"><\/i>\t\t\t<\/div>\n\t\t<\/div>\n\t\t\t\t<\/div>\n\t\t\t\t<\/div>\n\t\t\t\t\t<\/div>\n\t\t<\/div>\n\t\t\t\t<div class=\"elementor-column elementor-col-50 elementor-inner-column elementor-element elementor-element-8149365 exad-glass-effect-no exad-sticky-section-no\" data-id=\"8149365\" data-element_type=\"column\">\n\t\t\t<div class=\"elementor-widget-wrap elementor-element-populated\">\n\t\t\t\t\t\t\t\t<div class=\"elementor-element elementor-element-75fd57a exad-sticky-section-no exad-glass-effect-no elementor-widget elementor-widget-heading\" data-id=\"75fd57a\" data-element_type=\"widget\" data-widget_type=\"heading.default\">\n\t\t\t\t<div class=\"elementor-widget-container\">\n\t\t\t<h2 class=\"elementor-heading-title elementor-size-default\">Dano \u00e0 retina\n<\/h2>\t\t<\/div>\n\t\t\t\t<\/div>\n\t\t\t\t<div class=\"elementor-element elementor-element-3473658 exad-sticky-section-no exad-glass-effect-no elementor-widget elementor-widget-text-editor\" data-id=\"3473658\" data-element_type=\"widget\" data-widget_type=\"text-editor.default\">\n\t\t\t\t<div class=\"elementor-widget-container\">\n\t\t\t\t\t\t\t<p>Os olhos est\u00e3o expostos a uma irrita\u00e7\u00e3o \u00f3ptica ininterrupta.\u00a0Tudo o que observamos diretamente, \u00e9 exibido na m\u00e1cula da retina.<\/p><p>A m\u00e1cula \u00e9 a parte mais importante da retina.\u00a0Com uma maior densidade de cones, \u00e9 respons\u00e1vel pela percep\u00e7\u00e3o de cores e est\u00e1 relacionada com a defini\u00e7\u00e3o das imagens da vis\u00e3o humana.<\/p>\t\t\t\t\t\t<\/div>\n\t\t\t\t<\/div>\n\t\t\t\t\t<\/div>\n\t\t<\/div>\n\t\t\t\t\t\t\t<\/div>\n\t\t<\/section>\n\t\t\t\t<section class=\"elementor-section elementor-inner-section elementor-element elementor-element-db09f97 elementor-reverse-mobile elementor-section-boxed elementor-section-height-default elementor-section-height-default exad-glass-effect-no exad-sticky-section-no\" data-id=\"db09f97\" data-element_type=\"section\">\n\t\t\t\t\t\t<div class=\"elementor-container elementor-column-gap-no\">\n\t\t\t\t\t<div class=\"elementor-column elementor-col-50 elementor-inner-column elementor-element elementor-element-0af6a9f exad-glass-effect-no exad-sticky-section-no\" data-id=\"0af6a9f\" data-element_type=\"column\">\n\t\t\t<div class=\"elementor-widget-wrap elementor-element-populated\">\n\t\t\t\t\t\t\t\t<div data-dce-advanced-background-color=\"#F6F6F6\" class=\"elementor-element elementor-element-0c27af7 elementor-view-default exad-sticky-section-no exad-glass-effect-no elementor-widget elementor-widget-icon\" data-id=\"0c27af7\" data-element_type=\"widget\" data-widget_type=\"icon.default\">\n\t\t\t\t<div class=\"elementor-widget-container\">\n\t\t\t\t\t<div class=\"elementor-icon-wrapper\">\n\t\t\t<div class=\"elementor-icon\">\n\t\t\t<i aria-hidden=\"true\" class=\"far fa-eye\"><\/i>\t\t\t<\/div>\n\t\t<\/div>\n\t\t\t\t<\/div>\n\t\t\t\t<\/div>\n\t\t\t\t\t<\/div>\n\t\t<\/div>\n\t\t\t\t<div class=\"elementor-column elementor-col-50 elementor-inner-column elementor-element elementor-element-17efa25 exad-glass-effect-no exad-sticky-section-no\" data-id=\"17efa25\" data-element_type=\"column\">\n\t\t\t<div class=\"elementor-widget-wrap elementor-element-populated\">\n\t\t\t\t\t\t\t\t<div class=\"elementor-element elementor-element-4af7650 exad-sticky-section-no exad-glass-effect-no elementor-widget elementor-widget-heading\" data-id=\"4af7650\" data-element_type=\"widget\" data-widget_type=\"heading.default\">\n\t\t\t\t<div class=\"elementor-widget-container\">\n\t\t\t<h2 class=\"elementor-heading-title elementor-size-default\">Fadiga e Stress visual<\/h2>\t\t<\/div>\n\t\t\t\t<\/div>\n\t\t\t\t<div class=\"elementor-element elementor-element-bffcf9c exad-sticky-section-no exad-glass-effect-no elementor-widget elementor-widget-text-editor\" data-id=\"bffcf9c\" data-element_type=\"widget\" data-widget_type=\"text-editor.default\">\n\t\t\t\t<div class=\"elementor-widget-container\">\n\t\t\t\t\t\t\t<p>Aparece quando os olhos t\u00eam de ver em condi\u00e7\u00f5es de pouca ou muita luz e, tamb\u00e9m, quando devem focar durante muito tempo para verem, por exemplo, textos, v\u00eddeos ou imagens de Smartphone.<\/p>\t\t\t\t\t\t<\/div>\n\t\t\t\t<\/div>\n\t\t\t\t\t<\/div>\n\t\t<\/div>\n\t\t\t\t\t\t\t<\/div>\n\t\t<\/section>\n\t\t\t\t<section class=\"elementor-section elementor-inner-section elementor-element elementor-element-26fea79 elementor-reverse-mobile elementor-section-boxed elementor-section-height-default elementor-section-height-default exad-glass-effect-no exad-sticky-section-no\" data-id=\"26fea79\" data-element_type=\"section\">\n\t\t\t\t\t\t<div class=\"elementor-container elementor-column-gap-no\">\n\t\t\t\t\t<div class=\"elementor-column elementor-col-50 elementor-inner-column elementor-element elementor-element-80433b3 exad-glass-effect-no exad-sticky-section-no\" data-id=\"80433b3\" data-element_type=\"column\">\n\t\t\t<div class=\"elementor-widget-wrap elementor-element-populated\">\n\t\t\t\t\t\t\t\t<div data-dce-advanced-background-color=\"#F6F6F6\" class=\"elementor-element elementor-element-6edbab9 elementor-view-default exad-sticky-section-no exad-glass-effect-no elementor-widget elementor-widget-icon\" data-id=\"6edbab9\" data-element_type=\"widget\" data-widget_type=\"icon.default\">\n\t\t\t\t<div class=\"elementor-widget-container\">\n\t\t\t\t\t<div class=\"elementor-icon-wrapper\">\n\t\t\t<div class=\"elementor-icon\">\n\t\t\t<i aria-hidden=\"true\" class=\"far fa-eye\"><\/i>\t\t\t<\/div>\n\t\t<\/div>\n\t\t\t\t<\/div>\n\t\t\t\t<\/div>\n\t\t\t\t\t<\/div>\n\t\t<\/div>\n\t\t\t\t<div class=\"elementor-column elementor-col-50 elementor-inner-column elementor-element elementor-element-efc4540 exad-glass-effect-no exad-sticky-section-no\" data-id=\"efc4540\" data-element_type=\"column\">\n\t\t\t<div class=\"elementor-widget-wrap elementor-element-populated\">\n\t\t\t\t\t\t\t\t<div class=\"elementor-element elementor-element-43d72b8 exad-sticky-section-no exad-glass-effect-no elementor-widget elementor-widget-heading\" data-id=\"43d72b8\" data-element_type=\"widget\" data-widget_type=\"heading.default\">\n\t\t\t\t<div class=\"elementor-widget-container\">\n\t\t\t<h2 class=\"elementor-heading-title elementor-size-default\">S\u00edndrome Visual Inform\u00e1tica\n<\/h2>\t\t<\/div>\n\t\t\t\t<\/div>\n\t\t\t\t<div class=\"elementor-element elementor-element-bad1cc2 exad-sticky-section-no exad-glass-effect-no elementor-widget elementor-widget-text-editor\" data-id=\"bad1cc2\" data-element_type=\"widget\" data-widget_type=\"text-editor.default\">\n\t\t\t\t<div class=\"elementor-widget-container\">\n\t\t\t\t\t\t\t<p>A\u00a0S\u00edndrome Visual Inform\u00e1tica \u00e9 uma patologia visual de recente aparecimento que afeta uma em cada sete pessoas, que costuma aparecer sob forma de\u00a0olhos vermelhos,\u00a0secos, cansados e dores de cabe\u00e7a.<\/p>\t\t\t\t\t\t<\/div>\n\t\t\t\t<\/div>\n\t\t\t\t\t<\/div>\n\t\t<\/div>\n\t\t\t\t\t\t\t<\/div>\n\t\t<\/section>\n\t\t\t\t<section class=\"elementor-section elementor-inner-section elementor-element elementor-element-4d991a5 elementor-reverse-mobile elementor-section-boxed elementor-section-height-default elementor-section-height-default exad-glass-effect-no exad-sticky-section-no\" data-id=\"4d991a5\" data-element_type=\"section\">\n\t\t\t\t\t\t<div class=\"elementor-container elementor-column-gap-no\">\n\t\t\t\t\t<div class=\"elementor-column elementor-col-50 elementor-inner-column elementor-element elementor-element-566253e exad-glass-effect-no exad-sticky-section-no\" data-id=\"566253e\" data-element_type=\"column\">\n\t\t\t<div class=\"elementor-widget-wrap elementor-element-populated\">\n\t\t\t\t\t\t\t\t<div data-dce-advanced-background-color=\"#F6F6F6\" class=\"elementor-element elementor-element-65e6f8f elementor-view-default exad-sticky-section-no exad-glass-effect-no elementor-widget elementor-widget-icon\" data-id=\"65e6f8f\" data-element_type=\"widget\" data-widget_type=\"icon.default\">\n\t\t\t\t<div class=\"elementor-widget-container\">\n\t\t\t\t\t<div class=\"elementor-icon-wrapper\">\n\t\t\t<div class=\"elementor-icon\">\n\t\t\t<i aria-hidden=\"true\" class=\"far fa-eye\"><\/i>\t\t\t<\/div>\n\t\t<\/div>\n\t\t\t\t<\/div>\n\t\t\t\t<\/div>\n\t\t\t\t\t<\/div>\n\t\t<\/div>\n\t\t\t\t<div class=\"elementor-column elementor-col-50 elementor-inner-column elementor-element elementor-element-fa3a0b9 exad-glass-effect-no exad-sticky-section-no\" data-id=\"fa3a0b9\" data-element_type=\"column\">\n\t\t\t<div class=\"elementor-widget-wrap elementor-element-populated\">\n\t\t\t\t\t\t\t\t<div class=\"elementor-element elementor-element-770f17d exad-sticky-section-no exad-glass-effect-no elementor-widget elementor-widget-heading\" data-id=\"770f17d\" data-element_type=\"widget\" data-widget_type=\"heading.default\">\n\t\t\t\t<div class=\"elementor-widget-container\">\n\t\t\t<h2 class=\"elementor-heading-title elementor-size-default\">DMRI - Degenera\u00e7\u00e3o macular relacionada \u00e0 idade\n<\/h2>\t\t<\/div>\n\t\t\t\t<\/div>\n\t\t\t\t<div class=\"elementor-element elementor-element-3f639b6 exad-sticky-section-no exad-glass-effect-no elementor-widget elementor-widget-text-editor\" data-id=\"3f639b6\" data-element_type=\"widget\" data-widget_type=\"text-editor.default\">\n\t\t\t\t<div class=\"elementor-widget-container\">\n\t\t\t\t\t\t\t<p>A\u00a0Degenera\u00e7\u00e3o macular relacionada \u00e0 idade \u00e9 a principal causa do comprometimento visual grave em pessoas acima de 60 anos de idade. Al\u00e9m de causar inflama\u00e7\u00e3o dolorosa da conjuntiva e da c\u00f3rnea, ela pode produzir les\u00f5es no cristalino do olho (como a catarata) e, sobretudo, na retina (degenera\u00e7\u00e3o macular).<\/p>\t\t\t\t\t\t<\/div>\n\t\t\t\t<\/div>\n\t\t\t\t\t<\/div>\n\t\t<\/div>\n\t\t\t\t\t\t\t<\/div>\n\t\t<\/section>\n\t\t\t\t\t<\/div>\n\t\t<\/div>\n\t\t\t\t\t\t\t<\/div>\n\t\t<\/section>\n\t\t\t\t<section class=\"elementor-section elementor-top-section elementor-element elementor-element-3fa495e elementor-section-content-middle elementor-section-boxed elementor-section-height-default elementor-section-height-default exad-glass-effect-no exad-sticky-section-no\" data-id=\"3fa495e\" data-element_type=\"section\" data-settings=\"{&quot;background_background&quot;:&quot;classic&quot;}\">\n\t\t\t\t\t\t<div class=\"elementor-container elementor-column-gap-no\">\n\t\t\t\t\t<div class=\"elementor-column elementor-col-100 elementor-top-column elementor-element elementor-element-a7a1c32 exad-glass-effect-no exad-sticky-section-no\" data-id=\"a7a1c32\" data-element_type=\"column\">\n\t\t\t<div class=\"elementor-widget-wrap elementor-element-populated\">\n\t\t\t\t\t\t\t\t<section class=\"elementor-section elementor-inner-section elementor-element elementor-element-af12da6 elementor-section-boxed elementor-section-height-default elementor-section-height-default exad-glass-effect-no exad-sticky-section-no\" data-id=\"af12da6\" data-element_type=\"section\">\n\t\t\t\t\t\t<div class=\"elementor-container elementor-column-gap-default\">\n\t\t\t\t\t<div class=\"elementor-column elementor-col-100 elementor-inner-column elementor-element elementor-element-c66cff9 exad-glass-effect-no exad-sticky-section-no\" data-id=\"c66cff9\" data-element_type=\"column\">\n\t\t\t<div class=\"elementor-widget-wrap elementor-element-populated\">\n\t\t\t\t\t\t\t\t<div class=\"elementor-element elementor-element-9868b3e exad-sticky-section-no exad-glass-effect-no elementor-widget elementor-widget-text-editor\" data-id=\"9868b3e\" data-element_type=\"widget\" data-widget_type=\"text-editor.default\">\n\t\t\t\t<div class=\"elementor-widget-container\">\n\t\t\t\t\t\t\tCOMO SE PROTEGER?\t\t\t\t\t\t<\/div>\n\t\t\t\t<\/div>\n\t\t\t\t\t<\/div>\n\t\t<\/div>\n\t\t\t\t\t\t\t<\/div>\n\t\t<\/section>\n\t\t\t\t\t<\/div>\n\t\t<\/div>\n\t\t\t\t\t\t\t<\/div>\n\t\t<\/section>\n\t\t\t\t<section class=\"elementor-section elementor-top-section elementor-element elementor-element-e140bfb elementor-section-content-middle elementor-section-boxed elementor-section-height-default elementor-section-height-default exad-glass-effect-no exad-sticky-section-no\" data-id=\"e140bfb\" data-element_type=\"section\" data-settings=\"{&quot;background_background&quot;:&quot;classic&quot;}\">\n\t\t\t\t\t\t<div class=\"elementor-container elementor-column-gap-no\">\n\t\t\t\t\t<div class=\"elementor-column elementor-col-100 elementor-top-column elementor-element elementor-element-304eb8e exad-glass-effect-no exad-sticky-section-no\" data-id=\"304eb8e\" data-element_type=\"column\">\n\t\t\t<div class=\"elementor-widget-wrap elementor-element-populated\">\n\t\t\t\t\t\t\t\t<div class=\"elementor-element elementor-element-1f08b99 exad-sticky-section-no exad-glass-effect-no elementor-widget elementor-widget-text-editor\" data-id=\"1f08b99\" data-element_type=\"widget\" data-widget_type=\"text-editor.default\">\n\t\t\t\t<div class=\"elementor-widget-container\">\n\t\t\t\t\t\t\t<div class=\"wpb_text_column wpb_content_element vc_custom_1532021688910\"><div class=\"wpb_wrapper\"><p>Parece obvio que lentes para uso interno n\u00e3o necessitem de prote\u00e7\u00e3o ultravioleta, mas n\u00e3o dispensam o uso de lentes que bloqueiam a luz azul, como a BLUE CUT.<\/p><p>A Allprot disp\u00f5e de prote\u00e7\u00e3o efetiva contra os danos causados pela exposi\u00e7\u00e3o \u00e0 luz azul por interm\u00e9dio do produto BLUE CUT, como melhor forma de preven\u00e7\u00e3o, porque a principal fun\u00e7\u00e3o dela \u00e9 reduzir os efeitos negativos da luz azul.<\/p><p>Recomendamos que voc\u00ea tome mais cuidado ao tempo que fica em frente dos laptops, tablets, PC\u2019s, TV LED e smartphones.<\/p><p>Voc\u00ea sabia que se voc\u00ea passar 48 horas de exposi\u00e7\u00e3o \u00e0 tela do computador correspondem mais ou menos ao mesmo n\u00edvel de exposi\u00e7\u00e3o que voc\u00ea teria em aproximadamente 20 minutos no sol ao meio-dia.<\/p><p>A Allprot garante uma prote\u00e7\u00e3o desenvolvida para adequa\u00e7\u00f5es de lentes de seguran\u00e7a graduadas com melhor nitidez.<\/p><\/div><\/div>\t\t\t\t\t\t<\/div>\n\t\t\t\t<\/div>\n\t\t\t\t\t<\/div>\n\t\t<\/div>\n\t\t\t\t\t\t\t<\/div>\n\t\t<\/section>\n\t\t\t\t\t\t\t<\/div>\n\t\t","protected":false},"excerpt":{"rendered":"<p>Luz azul A luz vis\u00edvel \u00e9 a regi\u00e3o do espectro eletromagn\u00e9tico que o olho humano consegue perceber. \u00c9 emitida por fontes de luz naturais como o sol e, tamb\u00e9m, artificiais como os\u00a0dispositivos eletr\u00f4nicos. SOBRE A LUZ AZUL A luz azul \u00e9 percebida positivamente pelos olhos e, em seguida, sinaliza o c\u00e9rebro para estar alerta, levando [&hellip;]<\/p>\n","protected":false},"author":1,"featured_media":0,"parent":0,"menu_order":0,"comment_status":"closed","ping_status":"closed","template":"","meta":[],"acf":[],"yoast_head":"<!-- This site is optimized with the Yoast SEO plugin v20.6 - https:\/\/yoast.com\/wordpress\/plugins\/seo\/ -->\n<title>Luz Azul - Allprot - Materiais de Seguran\u00e7a<\/title>\n<meta name=\"robots\" content=\"index, follow, max-snippet:-1, max-image-preview:large, max-video-preview:-1\" \/>\n<link rel=\"canonical\" href=\"https:\/\/allprot.com.br\/web\/luz-azul\/\" \/>\n<meta property=\"og:locale\" content=\"pt_BR\" \/>\n<meta property=\"og:type\" content=\"article\" \/>\n<meta property=\"og:title\" content=\"Luz Azul - Allprot - Materiais de Seguran\u00e7a\" \/>\n<meta property=\"og:description\" content=\"Luz azul A luz vis\u00edvel \u00e9 a regi\u00e3o do espectro eletromagn\u00e9tico que o olho humano consegue perceber. \u00c9 emitida por fontes de luz naturais como o sol e, tamb\u00e9m, artificiais como os\u00a0dispositivos eletr\u00f4nicos. SOBRE A LUZ AZUL A luz azul \u00e9 percebida positivamente pelos olhos e, em seguida, sinaliza o c\u00e9rebro para estar alerta, levando [&hellip;]\" \/>\n<meta property=\"og:url\" content=\"https:\/\/allprot.com.br\/web\/luz-azul\/\" \/>\n<meta property=\"og:site_name\" content=\"Allprot - Materiais de Seguran\u00e7a\" \/>\n<meta property=\"article:modified_time\" content=\"2023-03-24T15:00:12+00:00\" \/>\n<meta property=\"og:image\" content=\"http:\/\/allprot.deploy.ag\/wp-content\/uploads\/2022\/06\/luz-azul-1.png\" \/>\n<meta name=\"twitter:card\" content=\"summary_large_image\" \/>\n<meta name=\"twitter:label1\" content=\"Est. tempo de leitura\" \/>\n\t<meta name=\"twitter:data1\" content=\"4 minutos\" \/>\n<script type=\"application\/ld+json\" class=\"yoast-schema-graph\">{\"@context\":\"https:\/\/schema.org\",\"@graph\":[{\"@type\":\"WebPage\",\"@id\":\"https:\/\/allprot.com.br\/web\/luz-azul\/\",\"url\":\"https:\/\/allprot.com.br\/web\/luz-azul\/\",\"name\":\"Luz Azul - Allprot - Materiais de Seguran\u00e7a\",\"isPartOf\":{\"@id\":\"https:\/\/allprot.com.br\/web\/#website\"},\"datePublished\":\"2022-07-04T00:07:12+00:00\",\"dateModified\":\"2023-03-24T15:00:12+00:00\",\"breadcrumb\":{\"@id\":\"https:\/\/allprot.com.br\/web\/luz-azul\/#breadcrumb\"},\"inLanguage\":\"pt-BR\",\"potentialAction\":[{\"@type\":\"ReadAction\",\"target\":[\"https:\/\/allprot.com.br\/web\/luz-azul\/\"]}]},{\"@type\":\"BreadcrumbList\",\"@id\":\"https:\/\/allprot.com.br\/web\/luz-azul\/#breadcrumb\",\"itemListElement\":[{\"@type\":\"ListItem\",\"position\":1,\"name\":\"Home\",\"item\":\"https:\/\/allprot.com.br\/web\/\"},{\"@type\":\"ListItem\",\"position\":2,\"name\":\"Luz Azul\"}]},{\"@type\":\"WebSite\",\"@id\":\"https:\/\/allprot.com.br\/web\/#website\",\"url\":\"https:\/\/allprot.com.br\/web\/\",\"name\":\"Allprot - Materiais de Seguran\u00e7a\",\"description\":\"Fabricante de \u00f3culos de seguran\u00e7a com lentes graduadas. A maior oferta de arma\u00e7\u00f5es do mercado brasileiro. Prazo de entrega imbat\u00edvel e as melhores condi\u00e7\u00f5es comerciais que voc\u00ea pode querer. Atendimento em todo o territ\u00f3rio nacional e mais de 3.000 pontos de atendimento.\",\"publisher\":{\"@id\":\"https:\/\/allprot.com.br\/web\/#organization\"},\"potentialAction\":[{\"@type\":\"SearchAction\",\"target\":{\"@type\":\"EntryPoint\",\"urlTemplate\":\"https:\/\/allprot.com.br\/web\/?s={search_term_string}\"},\"query-input\":\"required name=search_term_string\"}],\"inLanguage\":\"pt-BR\"},{\"@type\":\"Organization\",\"@id\":\"https:\/\/allprot.com.br\/web\/#organization\",\"name\":\"Allprot - Materiais de Seguran\u00e7a\",\"url\":\"https:\/\/allprot.com.br\/web\/\",\"logo\":{\"@type\":\"ImageObject\",\"inLanguage\":\"pt-BR\",\"@id\":\"https:\/\/allprot.com.br\/web\/#\/schema\/logo\/image\/\",\"url\":\"https:\/\/allprot.com.br\/web\/wp-content\/uploads\/2022\/07\/cropped-Favicon-2.png\",\"contentUrl\":\"https:\/\/allprot.com.br\/web\/wp-content\/uploads\/2022\/07\/cropped-Favicon-2.png\",\"width\":512,\"height\":382,\"caption\":\"Allprot - Materiais de Seguran\u00e7a\"},\"image\":{\"@id\":\"https:\/\/allprot.com.br\/web\/#\/schema\/logo\/image\/\"}}]}<\/script>\n<!-- \/ Yoast SEO plugin. -->","yoast_head_json":{"title":"Luz Azul - Allprot - Materiais de Seguran\u00e7a","robots":{"index":"index","follow":"follow","max-snippet":"max-snippet:-1","max-image-preview":"max-image-preview:large","max-video-preview":"max-video-preview:-1"},"canonical":"https:\/\/allprot.com.br\/web\/luz-azul\/","og_locale":"pt_BR","og_type":"article","og_title":"Luz Azul - Allprot - Materiais de Seguran\u00e7a","og_description":"Luz azul A luz vis\u00edvel \u00e9 a regi\u00e3o do espectro eletromagn\u00e9tico que o olho humano consegue perceber. \u00c9 emitida por fontes de luz naturais como o sol e, tamb\u00e9m, artificiais como os\u00a0dispositivos eletr\u00f4nicos. SOBRE A LUZ AZUL A luz azul \u00e9 percebida positivamente pelos olhos e, em seguida, sinaliza o c\u00e9rebro para estar alerta, levando [&hellip;]","og_url":"https:\/\/allprot.com.br\/web\/luz-azul\/","og_site_name":"Allprot - Materiais de Seguran\u00e7a","article_modified_time":"2023-03-24T15:00:12+00:00","og_image":[{"url":"http:\/\/allprot.deploy.ag\/wp-content\/uploads\/2022\/06\/luz-azul-1.png"}],"twitter_card":"summary_large_image","twitter_misc":{"Est. tempo de leitura":"4 minutos"},"schema":{"@context":"https:\/\/schema.org","@graph":[{"@type":"WebPage","@id":"https:\/\/allprot.com.br\/web\/luz-azul\/","url":"https:\/\/allprot.com.br\/web\/luz-azul\/","name":"Luz Azul - Allprot - Materiais de Seguran\u00e7a","isPartOf":{"@id":"https:\/\/allprot.com.br\/web\/#website"},"datePublished":"2022-07-04T00:07:12+00:00","dateModified":"2023-03-24T15:00:12+00:00","breadcrumb":{"@id":"https:\/\/allprot.com.br\/web\/luz-azul\/#breadcrumb"},"inLanguage":"pt-BR","potentialAction":[{"@type":"ReadAction","target":["https:\/\/allprot.com.br\/web\/luz-azul\/"]}]},{"@type":"BreadcrumbList","@id":"https:\/\/allprot.com.br\/web\/luz-azul\/#breadcrumb","itemListElement":[{"@type":"ListItem","position":1,"name":"Home","item":"https:\/\/allprot.com.br\/web\/"},{"@type":"ListItem","position":2,"name":"Luz Azul"}]},{"@type":"WebSite","@id":"https:\/\/allprot.com.br\/web\/#website","url":"https:\/\/allprot.com.br\/web\/","name":"Allprot - Materiais de Seguran\u00e7a","description":"Fabricante de \u00f3culos de seguran\u00e7a com lentes graduadas. A maior oferta de arma\u00e7\u00f5es do mercado brasileiro. Prazo de entrega imbat\u00edvel e as melhores condi\u00e7\u00f5es comerciais que voc\u00ea pode querer. Atendimento em todo o territ\u00f3rio nacional e mais de 3.000 pontos de atendimento.","publisher":{"@id":"https:\/\/allprot.com.br\/web\/#organization"},"potentialAction":[{"@type":"SearchAction","target":{"@type":"EntryPoint","urlTemplate":"https:\/\/allprot.com.br\/web\/?s={search_term_string}"},"query-input":"required name=search_term_string"}],"inLanguage":"pt-BR"},{"@type":"Organization","@id":"https:\/\/allprot.com.br\/web\/#organization","name":"Allprot - Materiais de Seguran\u00e7a","url":"https:\/\/allprot.com.br\/web\/","logo":{"@type":"ImageObject","inLanguage":"pt-BR","@id":"https:\/\/allprot.com.br\/web\/#\/schema\/logo\/image\/","url":"https:\/\/allprot.com.br\/web\/wp-content\/uploads\/2022\/07\/cropped-Favicon-2.png","contentUrl":"https:\/\/allprot.com.br\/web\/wp-content\/uploads\/2022\/07\/cropped-Favicon-2.png","width":512,"height":382,"caption":"Allprot - Materiais de Seguran\u00e7a"},"image":{"@id":"https:\/\/allprot.com.br\/web\/#\/schema\/logo\/image\/"}}]}},"_links":{"self":[{"href":"https:\/\/allprot.com.br\/web\/wp-json\/wp\/v2\/pages\/708"}],"collection":[{"href":"https:\/\/allprot.com.br\/web\/wp-json\/wp\/v2\/pages"}],"about":[{"href":"https:\/\/allprot.com.br\/web\/wp-json\/wp\/v2\/types\/page"}],"author":[{"embeddable":true,"href":"https:\/\/allprot.com.br\/web\/wp-json\/wp\/v2\/users\/1"}],"replies":[{"embeddable":true,"href":"https:\/\/allprot.com.br\/web\/wp-json\/wp\/v2\/comments?post=708"}],"version-history":[{"count":23,"href":"https:\/\/allprot.com.br\/web\/wp-json\/wp\/v2\/pages\/708\/revisions"}],"predecessor-version":[{"id":879,"href":"https:\/\/allprot.com.br\/web\/wp-json\/wp\/v2\/pages\/708\/revisions\/879"}],"wp:attachment":[{"href":"https:\/\/allprot.com.br\/web\/wp-json\/wp\/v2\/media?parent=708"}],"curies":[{"name":"wp","href":"https:\/\/api.w.org\/{rel}","templated":true}]}}